{"id":28799,"date":"2026-09-01T13:35:13","date_gmt":"2026-09-01T11:35:13","guid":{"rendered":"https:\/\/www.evkirche-roesrath.de\/?page_id=28799"},"modified":"2026-09-02T12:39:46","modified_gmt":"2026-09-02T10:39:46","slug":"aeltere-beitraege","status":"publish","type":"page","link":"https:\/\/www.evkirche-roesrath.de\/index.php\/aeltere-beitraege\/","title":{"rendered":"\u00e4ltere Beitr\u00e4ge"},"content":{"rendered":"\t\t<div data-elementor-type=\"wp-page\" data-elementor-id=\"28799\" class=\"elementor elementor-28799\">\n\t\t\t\t\t\t<section class=\"elementor-section elementor-top-section elementor-element elementor-element-003440f elementor-section-boxed elementor-section-height-default elementor-section-height-default\" data-id=\"003440f\" data-element_type=\"section\" data-e-type=\"section\">\n\t\t\t\t\t\t<div class=\"elementor-container elementor-column-gap-default\">\n\t\t\t\t\t<div class=\"elementor-column elementor-col-100 elementor-top-column elementor-element elementor-element-51e5330\" data-id=\"51e5330\" data-element_type=\"column\" data-e-type=\"column\">\n\t\t\t<div class=\"elementor-widget-wrap elementor-element-populated\">\n\t\t\t\t\t\t<div class=\"elementor-element elementor-element-174f4a3 premium-blog-align-left elementor-widget elementor-widget-premium-addon-blog\" data-id=\"174f4a3\" data-element_type=\"widget\" data-e-type=\"widget\" data-settings=\"{&quot;premium_blog_columns_number&quot;:&quot;33.33%&quot;,&quot;filter_flag&quot;:&quot;cat&quot;,&quot;premium_blog_grid&quot;:&quot;yes&quot;,&quot;premium_blog_layout&quot;:&quot;even&quot;,&quot;premium_blog_columns_number_tablet&quot;:&quot;50%&quot;,&quot;premium_blog_columns_number_mobile&quot;:&quot;100%&quot;,&quot;scroll_to_offset&quot;:&quot;yes&quot;}\" data-widget_type=\"premium-addon-blog.default\">\n\t\t\t\t<div class=\"elementor-widget-container\">\n\t\t\t\t\t\n\t\t\t\t\t\t\t<div class=\"premium-blog-filter\">\n\t\t\t<ul class=\"premium-blog-filters-container\">\n\t\t\t\t\t\t\t\t\t<li>\n\t\t\t\t\t\t<a href=\"javascript:;\" class=\"category active\" data-filter=\"*\">\n\t\t\t\t\t\t\tAlle\t\t\t\t\t\t<\/a>\n\t\t\t\t\t<\/li>\n\t\t\t\t\t\t\t\t\t\t\t\t\t\t<li>\n\t\t\t\t\t\t\t<a href=\"javascript:;\" class=\"category\" data-filter=\"a_allgemein\">\n\t\t\t\t\t\t\t\tA_Allgemein\t\t\t\t\t\t\t<\/a>\n\t\t\t\t\t\t<\/li>\n\t\t\t\t\t\t\t\t\t\t<li>\n\t\t\t\t\t\t\t<a href=\"javascript:;\" class=\"category\" data-filter=\"a_andacht\">\n\t\t\t\t\t\t\t\tA_Andacht\t\t\t\t\t\t\t<\/a>\n\t\t\t\t\t\t<\/li>\n\t\t\t\t\t\t\t\t\t\t<li>\n\t\t\t\t\t\t\t<a href=\"javascript:;\" class=\"category\" data-filter=\"a_frauen\">\n\t\t\t\t\t\t\t\tA_Frauen\t\t\t\t\t\t\t<\/a>\n\t\t\t\t\t\t<\/li>\n\t\t\t\t\t\t\t\t\t\t<li>\n\t\t\t\t\t\t\t<a href=\"javascript:;\" class=\"category\" data-filter=\"a_gemeinde\">\n\t\t\t\t\t\t\t\tA_Gemeinde\t\t\t\t\t\t\t<\/a>\n\t\t\t\t\t\t<\/li>\n\t\t\t\t\t\t\t\t\t\t<li>\n\t\t\t\t\t\t\t<a href=\"javascript:;\" class=\"category\" data-filter=\"a_gottesdienst\">\n\t\t\t\t\t\t\t\tA_Gottesdienst\t\t\t\t\t\t\t<\/a>\n\t\t\t\t\t\t<\/li>\n\t\t\t\t\t\t\t\t\t\t<li>\n\t\t\t\t\t\t\t<a href=\"javascript:;\" class=\"category\" data-filter=\"a_kinder_u_jugendarbeit\">\n\t\t\t\t\t\t\t\tA_Kinder_u_Jugendarbeit\t\t\t\t\t\t\t<\/a>\n\t\t\t\t\t\t<\/li>\n\t\t\t\t\t\t\t\t\t\t<li>\n\t\t\t\t\t\t\t<a href=\"javascript:;\" class=\"category\" data-filter=\"a_musik\">\n\t\t\t\t\t\t\t\tA_Musik\t\t\t\t\t\t\t<\/a>\n\t\t\t\t\t\t<\/li>\n\t\t\t\t\t\t\t\t\t\t<li>\n\t\t\t\t\t\t\t<a href=\"javascript:;\" class=\"category\" data-filter=\"a_oekumenja\">\n\t\t\t\t\t\t\t\tA_\u00d6kumenJa\t\t\t\t\t\t\t<\/a>\n\t\t\t\t\t\t<\/li>\n\t\t\t\t\t\t\t\t\t\t<li>\n\t\t\t\t\t\t\t<a href=\"javascript:;\" class=\"category\" data-filter=\"allgemein\">\n\t\t\t\t\t\t\t\tAllgemein\t\t\t\t\t\t\t<\/a>\n\t\t\t\t\t\t<\/li>\n\t\t\t\t\t\t\t\t\t\t<li>\n\t\t\t\t\t\t\t<a href=\"javascript:;\" class=\"category\" data-filter=\"andacht\">\n\t\t\t\t\t\t\t\tAndacht\t\t\t\t\t\t\t<\/a>\n\t\t\t\t\t\t<\/li>\n\t\t\t\t\t\t\t\t\t\t<li>\n\t\t\t\t\t\t\t<a href=\"javascript:;\" class=\"category\" data-filter=\"archiv\">\n\t\t\t\t\t\t\t\tArchiv\t\t\t\t\t\t\t<\/a>\n\t\t\t\t\t\t<\/li>\n\t\t\t\t\t\t\t\t\t\t<li>\n\t\t\t\t\t\t\t<a href=\"javascript:;\" class=\"category\" data-filter=\"frauen\">\n\t\t\t\t\t\t\t\tFrauen\t\t\t\t\t\t\t<\/a>\n\t\t\t\t\t\t<\/li>\n\t\t\t\t\t\t\t\t\t\t<li>\n\t\t\t\t\t\t\t<a href=\"javascript:;\" class=\"category\" data-filter=\"gemeinde\">\n\t\t\t\t\t\t\t\tGemeinde\t\t\t\t\t\t\t<\/a>\n\t\t\t\t\t\t<\/li>\n\t\t\t\t\t\t\t\t\t\t<li>\n\t\t\t\t\t\t\t<a href=\"javascript:;\" class=\"category\" data-filter=\"gottesdienst\">\n\t\t\t\t\t\t\t\tGottesdienst\t\t\t\t\t\t\t<\/a>\n\t\t\t\t\t\t<\/li>\n\t\t\t\t\t\t\t\t\t\t<li>\n\t\t\t\t\t\t\t<a href=\"javascript:;\" class=\"category\" data-filter=\"kinder_u_jugendarbeit\">\n\t\t\t\t\t\t\t\tKinder_u_Jugendarbeit\t\t\t\t\t\t\t<\/a>\n\t\t\t\t\t\t<\/li>\n\t\t\t\t\t\t\t\t\t\t<li>\n\t\t\t\t\t\t\t<a href=\"javascript:;\" class=\"category\" data-filter=\"music\">\n\t\t\t\t\t\t\t\tMusic\t\t\t\t\t\t\t<\/a>\n\t\t\t\t\t\t<\/li>\n\t\t\t\t\t\t\t\t\t\t<li>\n\t\t\t\t\t\t\t<a href=\"javascript:;\" class=\"category\" data-filter=\"oekumenja\">\n\t\t\t\t\t\t\t\t\u00d6kumenJa\t\t\t\t\t\t\t<\/a>\n\t\t\t\t\t\t<\/li>\n\t\t\t\t\t\t\t\t\t\t<li>\n\t\t\t\t\t\t\t<a href=\"javascript:;\" class=\"category\" data-filter=\"zukunftswerkstatt\">\n\t\t\t\t\t\t\t\tZukunftswerkstatt\t\t\t\t\t\t\t<\/a>\n\t\t\t\t\t\t<\/li>\n\t\t\t\t\t\t\t<\/ul>\n\t\t<\/div>\n\t\t\t\t\n\n\t\t\t\t<div class=\"premium-blog-wrap  premium-blog-even\" data-page=\"28799\" data-pagination=\"true\">\n\t\t\t\t\t\t\t\t\t<div class=\"premium-blog-post-outer-container a_allgemein\" data-total=\"24\">\n\t\t\t<div class=\"premium-blog-post-container premium-blog-skin-classic\">\n\t\t\t\t\t\t\t\t\t<div class=\"premium-blog-thumb-effect-wrapper\">\n\t\t\t\t\t\t<div class=\"premium-blog-thumbnail-container premium-blog-zoomin-effect\">\n\t\t\t\t\t\t\t<img fetchpriority=\"high\" decoding=\"async\" width=\"738\" height=\"1600\" src=\"https:\/\/www.evkirche-roesrath.de\/wp-content\/uploads\/2021\/07\/9afe9f79-ffd7-4392-9fe6-c790954560e4.jpg\" class=\"attachment-full size-full wp-image-21759\" alt=\"\" srcset=\"https:\/\/www.evkirche-roesrath.de\/wp-content\/uploads\/2021\/07\/9afe9f79-ffd7-4392-9fe6-c790954560e4.jpg 738w, https:\/\/www.evkirche-roesrath.de\/wp-content\/uploads\/2021\/07\/9afe9f79-ffd7-4392-9fe6-c790954560e4-138x300.jpg 138w, https:\/\/www.evkirche-roesrath.de\/wp-content\/uploads\/2021\/07\/9afe9f79-ffd7-4392-9fe6-c790954560e4-472x1024.jpg 472w, https:\/\/www.evkirche-roesrath.de\/wp-content\/uploads\/2021\/07\/9afe9f79-ffd7-4392-9fe6-c790954560e4-708x1536.jpg 708w\" sizes=\"(max-width: 738px) 100vw, 738px\" \/>\t\t\t\t\t\t<\/div>\n\t\t\t\t\t\t\t\t\t\t\t\t\t<div class=\"premium-blog-thumbnail-overlay\">\n\t\t\t\t\t\t\t\t<a class=\"elementor-icon\" href=\"https:\/\/www.evkirche-roesrath.de\/index.php\/2026\/07\/03\/5-jahre-flut-14-07\/\" target=\"_blank\">\n\t\t\t\t\t\t\t\t\t<span class=\"elementor-screen-only\">5 Jahre Flut, 14.07.<\/span>\n\t\t\t\t\t\t\t\t<\/a>\n\t\t\t\t\t\t\t<\/div>\n\n\t\t\t\t\t\t\t\t\t\t\t\t\t\t\t\t\t\t<\/div>\n\t\t\t\t\t\t\t\t\t\t\t\t<div class=\"premium-blog-content-wrapper \">\n\n\t\t\t\t\t<div class=\"premium-blog-inner-container\">\n\n\t\t\t\t\t\t\t\t\t\t\t\t\t\t<h2 class=\"premium-blog-entry-title\">\n\t\t\t<a href=\"https:\/\/www.evkirche-roesrath.de\/index.php\/2026\/07\/03\/5-jahre-flut-14-07\/\" target=\"_blank\">\n\t\t\t\t5 Jahre Flut, 14.07.\t\t\t<\/a>\n\t\t<\/h2>\n\t\t\t\t<div class=\"premium-blog-entry-meta\">\n\t\t\t\n\t\t\t\t\t\t\t<span class=\"premium-blog-meta-separator\">\u2022<\/span>\n\t\t\t\t<div class=\"premium-blog-post-time premium-blog-meta-data\">\n\t\t\t\t\t<i class=\"fa fa-calendar-alt\" aria-hidden=\"true\"><\/i>\n\t\t\t\t\t<span>3. Juli 2026<\/span>\n\t\t\t\t<\/div>\n\t\t\t\n\t\t\t\t\t\t\t<span class=\"premium-blog-meta-separator\">\u2022<\/span>\n\t\t\t\t<div class=\"premium-blog-post-categories premium-blog-meta-data\">\n\t\t\t\t\t<i class=\"fa fa-align-left fa-fw\" aria-hidden=\"true\"><\/i>\n\t\t\t\t\t<a href=\"https:\/\/www.evkirche-roesrath.de\/index.php\/category\/archiv\/a_allgemein\/\" rel=\"category tag\">A_Allgemein<\/a>\t\t\t\t<\/div>\n\t\t\t\n\t\t\t\t\t<\/div>\n\t\t\n\t\t\t\t\t<\/div>\n\n\t\t\t\t\t\t\t<div class=\"premium-blog-content-inner-wrapper\">\n\t\t<p class=\"premium-blog-post-content\">R\u00f6srath gedenkt der Flutkatastrophe am 14. Juli Schon f\u00fcnf Jahre sind seit der Flutkatastrophe in R\u00f6srath vergangen: Vom 14. auf den 15. Juli 2021 hatte<\/p><div class=\"premium-blog-excerpt-link-wrap\"><a href=\"https:\/\/www.evkirche-roesrath.de\/index.php\/2026\/07\/03\/5-jahre-flut-14-07\/\" target=\"_blank\" class=\"premium-blog-excerpt-link elementor-button\">Weiterlesen \u00bb<\/a><\/div>\t\t<\/div>\n\t\t\t\t\t\t\t\n\t\t\t\t<\/div>\n\t\t\t<\/div>\n\t\t<\/div>\n\n\t\t\t\t<div class=\"premium-blog-post-outer-container a_gemeinde\" data-total=\"24\">\n\t\t\t<div class=\"premium-blog-post-container premium-blog-skin-classic\">\n\t\t\t\t\t\t\t\t\t<div class=\"premium-blog-thumb-effect-wrapper\">\n\t\t\t\t\t\t<div class=\"premium-blog-thumbnail-container premium-blog-zoomin-effect\">\n\t\t\t\t\t\t\t<img decoding=\"async\" width=\"562\" height=\"798\" src=\"https:\/\/www.evkirche-roesrath.de\/wp-content\/uploads\/2026\/06\/Gemeindefest2026.png\" class=\"attachment-full size-full wp-image-28445\" alt=\"\" srcset=\"https:\/\/www.evkirche-roesrath.de\/wp-content\/uploads\/2026\/06\/Gemeindefest2026.png 562w, https:\/\/www.evkirche-roesrath.de\/wp-content\/uploads\/2026\/06\/Gemeindefest2026-211x300.png 211w\" sizes=\"(max-width: 562px) 100vw, 562px\" \/>\t\t\t\t\t\t<\/div>\n\t\t\t\t\t\t\t\t\t\t\t\t\t<div class=\"premium-blog-thumbnail-overlay\">\n\t\t\t\t\t\t\t\t<a class=\"elementor-icon\" href=\"https:\/\/www.evkirche-roesrath.de\/index.php\/2026\/06\/29\/himmlisches-roesrath-19-07\/\" target=\"_blank\">\n\t\t\t\t\t\t\t\t\t<span class=\"elementor-screen-only\">Himmlisches R\u00f6srath 19.07.<\/span>\n\t\t\t\t\t\t\t\t<\/a>\n\t\t\t\t\t\t\t<\/div>\n\n\t\t\t\t\t\t\t\t\t\t\t\t\t\t\t\t\t\t<\/div>\n\t\t\t\t\t\t\t\t\t\t\t\t<div class=\"premium-blog-content-wrapper \">\n\n\t\t\t\t\t<div class=\"premium-blog-inner-container\">\n\n\t\t\t\t\t\t\t\t\t\t\t\t\t\t<h2 class=\"premium-blog-entry-title\">\n\t\t\t<a href=\"https:\/\/www.evkirche-roesrath.de\/index.php\/2026\/06\/29\/himmlisches-roesrath-19-07\/\" target=\"_blank\">\n\t\t\t\tHimmlisches R\u00f6srath 19.07.\t\t\t<\/a>\n\t\t<\/h2>\n\t\t\t\t<div class=\"premium-blog-entry-meta\">\n\t\t\t\n\t\t\t\t\t\t\t<span class=\"premium-blog-meta-separator\">\u2022<\/span>\n\t\t\t\t<div class=\"premium-blog-post-time premium-blog-meta-data\">\n\t\t\t\t\t<i class=\"fa fa-calendar-alt\" aria-hidden=\"true\"><\/i>\n\t\t\t\t\t<span>29. Juni 2026<\/span>\n\t\t\t\t<\/div>\n\t\t\t\n\t\t\t\t\t\t\t<span class=\"premium-blog-meta-separator\">\u2022<\/span>\n\t\t\t\t<div class=\"premium-blog-post-categories premium-blog-meta-data\">\n\t\t\t\t\t<i class=\"fa fa-align-left fa-fw\" aria-hidden=\"true\"><\/i>\n\t\t\t\t\t<a href=\"https:\/\/www.evkirche-roesrath.de\/index.php\/category\/archiv\/a_gemeinde\/\" rel=\"category tag\">A_Gemeinde<\/a>\t\t\t\t<\/div>\n\t\t\t\n\t\t\t\t\t<\/div>\n\t\t\n\t\t\t\t\t<\/div>\n\n\t\t\t\t\t\t\t<div class=\"premium-blog-content-inner-wrapper\">\n\t\t<p class=\"premium-blog-post-content\">Herzliche Einladung zum Gemeindefest am 19.Juli 2026. Um 11:00 Uhr findet ein Regionalgottesdienst in der Volberger Kirche statt. Im Anschluss gibt es ein buntes Programm<\/p><div class=\"premium-blog-excerpt-link-wrap\"><a href=\"https:\/\/www.evkirche-roesrath.de\/index.php\/2026\/06\/29\/himmlisches-roesrath-19-07\/\" target=\"_blank\" class=\"premium-blog-excerpt-link elementor-button\">Weiterlesen \u00bb<\/a><\/div>\t\t<\/div>\n\t\t\t\t\t\t\t\n\t\t\t\t<\/div>\n\t\t\t<\/div>\n\t\t<\/div>\n\n\t\t\t\t<div class=\"premium-blog-post-outer-container a_allgemein\" data-total=\"24\">\n\t\t\t<div class=\"premium-blog-post-container premium-blog-skin-classic\">\n\t\t\t\t\t\t\t\t\t<div class=\"premium-blog-thumb-effect-wrapper\">\n\t\t\t\t\t\t<div class=\"premium-blog-thumbnail-container premium-blog-zoomin-effect\">\n\t\t\t\t\t\t\t<img decoding=\"async\" width=\"1954\" height=\"1954\" src=\"https:\/\/www.evkirche-roesrath.de\/wp-content\/uploads\/2026\/06\/PopUpHochzeit_2026_Logo_Farbe.png\" class=\"attachment-full size-full wp-image-28448\" alt=\"\" srcset=\"https:\/\/www.evkirche-roesrath.de\/wp-content\/uploads\/2026\/06\/PopUpHochzeit_2026_Logo_Farbe.png 1954w, https:\/\/www.evkirche-roesrath.de\/wp-content\/uploads\/2026\/06\/PopUpHochzeit_2026_Logo_Farbe-300x300.png 300w, https:\/\/www.evkirche-roesrath.de\/wp-content\/uploads\/2026\/06\/PopUpHochzeit_2026_Logo_Farbe-1024x1024.png 1024w, https:\/\/www.evkirche-roesrath.de\/wp-content\/uploads\/2026\/06\/PopUpHochzeit_2026_Logo_Farbe-150x150.png 150w, https:\/\/www.evkirche-roesrath.de\/wp-content\/uploads\/2026\/06\/PopUpHochzeit_2026_Logo_Farbe-768x768.png 768w, https:\/\/www.evkirche-roesrath.de\/wp-content\/uploads\/2026\/06\/PopUpHochzeit_2026_Logo_Farbe-1536x1536.png 1536w\" sizes=\"(max-width: 1954px) 100vw, 1954px\" \/>\t\t\t\t\t\t<\/div>\n\t\t\t\t\t\t\t\t\t\t\t\t\t<div class=\"premium-blog-thumbnail-overlay\">\n\t\t\t\t\t\t\t\t<a class=\"elementor-icon\" href=\"https:\/\/www.evkirche-roesrath.de\/index.php\/2026\/06\/22\/hochzeit-im-gruenen-am-11-07\/\" target=\"_blank\">\n\t\t\t\t\t\t\t\t\t<span class=\"elementor-screen-only\">Hochzeit Im Gr\u00fcnen am 11.07.<\/span>\n\t\t\t\t\t\t\t\t<\/a>\n\t\t\t\t\t\t\t<\/div>\n\n\t\t\t\t\t\t\t\t\t\t\t\t\t\t\t\t\t\t<\/div>\n\t\t\t\t\t\t\t\t\t\t\t\t<div class=\"premium-blog-content-wrapper \">\n\n\t\t\t\t\t<div class=\"premium-blog-inner-container\">\n\n\t\t\t\t\t\t\t\t\t\t\t\t\t\t<h2 class=\"premium-blog-entry-title\">\n\t\t\t<a href=\"https:\/\/www.evkirche-roesrath.de\/index.php\/2026\/06\/22\/hochzeit-im-gruenen-am-11-07\/\" target=\"_blank\">\n\t\t\t\tHochzeit Im Gr\u00fcnen am 11.07.\t\t\t<\/a>\n\t\t<\/h2>\n\t\t\t\t<div class=\"premium-blog-entry-meta\">\n\t\t\t\n\t\t\t\t\t\t\t<span class=\"premium-blog-meta-separator\">\u2022<\/span>\n\t\t\t\t<div class=\"premium-blog-post-time premium-blog-meta-data\">\n\t\t\t\t\t<i class=\"fa fa-calendar-alt\" aria-hidden=\"true\"><\/i>\n\t\t\t\t\t<span>22. Juni 2026<\/span>\n\t\t\t\t<\/div>\n\t\t\t\n\t\t\t\t\t\t\t<span class=\"premium-blog-meta-separator\">\u2022<\/span>\n\t\t\t\t<div class=\"premium-blog-post-categories premium-blog-meta-data\">\n\t\t\t\t\t<i class=\"fa fa-align-left fa-fw\" aria-hidden=\"true\"><\/i>\n\t\t\t\t\t<a href=\"https:\/\/www.evkirche-roesrath.de\/index.php\/category\/archiv\/a_allgemein\/\" rel=\"category tag\">A_Allgemein<\/a>\t\t\t\t<\/div>\n\t\t\t\n\t\t\t\t\t<\/div>\n\t\t\n\t\t\t\t\t<\/div>\n\n\t\t\t\t\t\t\t<div class=\"premium-blog-content-inner-wrapper\">\n\t\t<p class=\"premium-blog-post-content\">Eine Hochzeit im Gr\u00fcnen. Nein, nicht nur eine Hochzeit, ganz viele. Im wundersch\u00f6nen R\u00f6srath, nur 20 Minuten von K\u00f6ln entfernt. Diesen Sommer. Am 11.07.26 wird<\/p><div class=\"premium-blog-excerpt-link-wrap\"><a href=\"https:\/\/www.evkirche-roesrath.de\/index.php\/2026\/06\/22\/hochzeit-im-gruenen-am-11-07\/\" target=\"_blank\" class=\"premium-blog-excerpt-link elementor-button\">Weiterlesen \u00bb<\/a><\/div>\t\t<\/div>\n\t\t\t\t\t\t\t\n\t\t\t\t<\/div>\n\t\t\t<\/div>\n\t\t<\/div>\n\n\t\t\t\t<div class=\"premium-blog-post-outer-container a_allgemein allgemein zukunftswerkstatt\" data-total=\"24\">\n\t\t\t<div class=\"premium-blog-post-container premium-blog-skin-classic\">\n\t\t\t\t\t\t\t\t\t<div class=\"premium-blog-thumb-effect-wrapper\">\n\t\t\t\t\t\t<div class=\"premium-blog-thumbnail-container premium-blog-zoomin-effect\">\n\t\t\t\t\t\t\t<img loading=\"lazy\" decoding=\"async\" width=\"1140\" height=\"450\" src=\"https:\/\/www.evkirche-roesrath.de\/wp-content\/uploads\/2017\/06\/roesrath-01.jpg\" class=\"attachment-full size-full wp-image-12213\" alt=\"Blick auf den Altar der Vers\u00f6hnungskirche\" srcset=\"https:\/\/www.evkirche-roesrath.de\/wp-content\/uploads\/2017\/06\/roesrath-01.jpg 1140w, https:\/\/www.evkirche-roesrath.de\/wp-content\/uploads\/2017\/06\/roesrath-01-300x118.jpg 300w, https:\/\/www.evkirche-roesrath.de\/wp-content\/uploads\/2017\/06\/roesrath-01-768x303.jpg 768w, https:\/\/www.evkirche-roesrath.de\/wp-content\/uploads\/2017\/06\/roesrath-01-1024x404.jpg 1024w\" sizes=\"(max-width: 1140px) 100vw, 1140px\" \/>\t\t\t\t\t\t<\/div>\n\t\t\t\t\t\t\t\t\t\t\t\t\t<div class=\"premium-blog-thumbnail-overlay\">\n\t\t\t\t\t\t\t\t<a class=\"elementor-icon\" href=\"https:\/\/www.evkirche-roesrath.de\/index.php\/2026\/06\/15\/neue-ideen-fuer-die-versoehnungskirche-roesrath\/\" target=\"_blank\">\n\t\t\t\t\t\t\t\t\t<span class=\"elementor-screen-only\">Neue Ideen f\u00fcr die Vers\u00f6hnungskirche R\u00f6srath<\/span>\n\t\t\t\t\t\t\t\t<\/a>\n\t\t\t\t\t\t\t<\/div>\n\n\t\t\t\t\t\t\t\t\t\t\t\t\t\t\t\t\t\t<\/div>\n\t\t\t\t\t\t\t\t\t\t\t\t<div class=\"premium-blog-content-wrapper \">\n\n\t\t\t\t\t<div class=\"premium-blog-inner-container\">\n\n\t\t\t\t\t\t\t\t\t\t\t\t\t\t<h2 class=\"premium-blog-entry-title\">\n\t\t\t<a href=\"https:\/\/www.evkirche-roesrath.de\/index.php\/2026\/06\/15\/neue-ideen-fuer-die-versoehnungskirche-roesrath\/\" target=\"_blank\">\n\t\t\t\tNeue Ideen f\u00fcr die Vers\u00f6hnungskirche R\u00f6srath\t\t\t<\/a>\n\t\t<\/h2>\n\t\t\t\t<div class=\"premium-blog-entry-meta\">\n\t\t\t\n\t\t\t\t\t\t\t<span class=\"premium-blog-meta-separator\">\u2022<\/span>\n\t\t\t\t<div class=\"premium-blog-post-time premium-blog-meta-data\">\n\t\t\t\t\t<i class=\"fa fa-calendar-alt\" aria-hidden=\"true\"><\/i>\n\t\t\t\t\t<span>15. Juni 2026<\/span>\n\t\t\t\t<\/div>\n\t\t\t\n\t\t\t\t\t\t\t<span class=\"premium-blog-meta-separator\">\u2022<\/span>\n\t\t\t\t<div class=\"premium-blog-post-categories premium-blog-meta-data\">\n\t\t\t\t\t<i class=\"fa fa-align-left fa-fw\" aria-hidden=\"true\"><\/i>\n\t\t\t\t\t<a href=\"https:\/\/www.evkirche-roesrath.de\/index.php\/category\/archiv\/a_allgemein\/\" rel=\"category tag\">A_Allgemein<\/a>, <a href=\"https:\/\/www.evkirche-roesrath.de\/index.php\/category\/allgemein\/\" rel=\"category tag\">Allgemein<\/a>, <a href=\"https:\/\/www.evkirche-roesrath.de\/index.php\/category\/zukunftswerkstatt\/\" rel=\"category tag\">Zukunftswerkstatt<\/a>\t\t\t\t<\/div>\n\t\t\t\n\t\t\t\t\t<\/div>\n\t\t\n\t\t\t\t\t<\/div>\n\n\t\t\t\t\t\t\t<div class=\"premium-blog-content-inner-wrapper\">\n\t\t<p class=\"premium-blog-post-content\">Presbyterium l\u00e4dt zum Austausch ein: Neue Ideen f\u00fcr die Vers\u00f6hnungskirche R\u00f6srath Die evangelische Gemeinde Volberg-Forsbach-R\u00f6srath steht \u2013 wie viele Gemeinden im Rheinland \u2013 vor einem<\/p><div class=\"premium-blog-excerpt-link-wrap\"><a href=\"https:\/\/www.evkirche-roesrath.de\/index.php\/2026\/06\/15\/neue-ideen-fuer-die-versoehnungskirche-roesrath\/\" target=\"_blank\" class=\"premium-blog-excerpt-link elementor-button\">Weiterlesen \u00bb<\/a><\/div>\t\t<\/div>\n\t\t\t\t\t\t\t\n\t\t\t\t<\/div>\n\t\t\t<\/div>\n\t\t<\/div>\n\n\t\t\t\t<div class=\"premium-blog-post-outer-container a_allgemein\" data-total=\"24\">\n\t\t\t<div class=\"premium-blog-post-container premium-blog-skin-classic\">\n\t\t\t\t\t\t\t\t\t<div class=\"premium-blog-thumb-effect-wrapper\">\n\t\t\t\t\t\t<div class=\"premium-blog-thumbnail-container premium-blog-zoomin-effect\">\n\t\t\t\t\t\t\t<img loading=\"lazy\" decoding=\"async\" width=\"552\" height=\"256\" src=\"https:\/\/www.evkirche-roesrath.de\/wp-content\/uploads\/2026\/06\/WocheDerDiakonie2026.png\" class=\"attachment-full size-full wp-image-28402\" alt=\"\" srcset=\"https:\/\/www.evkirche-roesrath.de\/wp-content\/uploads\/2026\/06\/WocheDerDiakonie2026.png 552w, https:\/\/www.evkirche-roesrath.de\/wp-content\/uploads\/2026\/06\/WocheDerDiakonie2026-300x139.png 300w\" sizes=\"(max-width: 552px) 100vw, 552px\" \/>\t\t\t\t\t\t<\/div>\n\t\t\t\t\t\t\t\t\t\t\t\t\t<div class=\"premium-blog-thumbnail-overlay\">\n\t\t\t\t\t\t\t\t<a class=\"elementor-icon\" href=\"https:\/\/www.evkirche-roesrath.de\/index.php\/2026\/06\/03\/woche-der-diakonie\/\" target=\"_blank\">\n\t\t\t\t\t\t\t\t\t<span class=\"elementor-screen-only\">Woche der Diakonie<\/span>\n\t\t\t\t\t\t\t\t<\/a>\n\t\t\t\t\t\t\t<\/div>\n\n\t\t\t\t\t\t\t\t\t\t\t\t\t\t\t\t\t\t<\/div>\n\t\t\t\t\t\t\t\t\t\t\t\t<div class=\"premium-blog-content-wrapper \">\n\n\t\t\t\t\t<div class=\"premium-blog-inner-container\">\n\n\t\t\t\t\t\t\t\t\t\t\t\t\t\t<h2 class=\"premium-blog-entry-title\">\n\t\t\t<a href=\"https:\/\/www.evkirche-roesrath.de\/index.php\/2026\/06\/03\/woche-der-diakonie\/\" target=\"_blank\">\n\t\t\t\tWoche der Diakonie\t\t\t<\/a>\n\t\t<\/h2>\n\t\t\t\t<div class=\"premium-blog-entry-meta\">\n\t\t\t\n\t\t\t\t\t\t\t<span class=\"premium-blog-meta-separator\">\u2022<\/span>\n\t\t\t\t<div class=\"premium-blog-post-time premium-blog-meta-data\">\n\t\t\t\t\t<i class=\"fa fa-calendar-alt\" aria-hidden=\"true\"><\/i>\n\t\t\t\t\t<span>3. Juni 2026<\/span>\n\t\t\t\t<\/div>\n\t\t\t\n\t\t\t\t\t\t\t<span class=\"premium-blog-meta-separator\">\u2022<\/span>\n\t\t\t\t<div class=\"premium-blog-post-categories premium-blog-meta-data\">\n\t\t\t\t\t<i class=\"fa fa-align-left fa-fw\" aria-hidden=\"true\"><\/i>\n\t\t\t\t\t<a href=\"https:\/\/www.evkirche-roesrath.de\/index.php\/category\/archiv\/a_allgemein\/\" rel=\"category tag\">A_Allgemein<\/a>\t\t\t\t<\/div>\n\t\t\t\n\t\t\t\t\t<\/div>\n\t\t\n\t\t\t\t\t<\/div>\n\n\t\t\t\t\t\t\t<div class=\"premium-blog-content-inner-wrapper\">\n\t\t<p class=\"premium-blog-post-content\">Vom 12. bis 21. Juni laden Kirche und Diakonie in K\u00f6ln und Region zusammen zur Woche der Diakonie ein. Zum Thema #raumgeben finden \u00fcber 20<\/p><div class=\"premium-blog-excerpt-link-wrap\"><a href=\"https:\/\/www.evkirche-roesrath.de\/index.php\/2026\/06\/03\/woche-der-diakonie\/\" target=\"_blank\" class=\"premium-blog-excerpt-link elementor-button\">Weiterlesen \u00bb<\/a><\/div>\t\t<\/div>\n\t\t\t\t\t\t\t\n\t\t\t\t<\/div>\n\t\t\t<\/div>\n\t\t<\/div>\n\n\t\t\t\t<div class=\"premium-blog-post-outer-container a_gottesdienst\" data-total=\"24\">\n\t\t\t<div class=\"premium-blog-post-container premium-blog-skin-classic\">\n\t\t\t\t\t\t\t\t\t<div class=\"premium-blog-thumb-effect-wrapper\">\n\t\t\t\t\t\t<div class=\"premium-blog-thumbnail-container premium-blog-zoomin-effect\">\n\t\t\t\t\t\t\t<img loading=\"lazy\" decoding=\"async\" width=\"387\" height=\"187\" src=\"https:\/\/www.evkirche-roesrath.de\/wp-content\/uploads\/2026\/06\/14.6.png\" class=\"attachment-full size-full wp-image-28393\" alt=\"\" srcset=\"https:\/\/www.evkirche-roesrath.de\/wp-content\/uploads\/2026\/06\/14.6.png 387w, https:\/\/www.evkirche-roesrath.de\/wp-content\/uploads\/2026\/06\/14.6-300x145.png 300w\" sizes=\"(max-width: 387px) 100vw, 387px\" \/>\t\t\t\t\t\t<\/div>\n\t\t\t\t\t\t\t\t\t\t\t\t\t<div class=\"premium-blog-thumbnail-overlay\">\n\t\t\t\t\t\t\t\t<a class=\"elementor-icon\" href=\"https:\/\/www.evkirche-roesrath.de\/index.php\/2026\/06\/01\/familiengottesdienst-fuer-die-region-2\/\" target=\"_blank\">\n\t\t\t\t\t\t\t\t\t<span class=\"elementor-screen-only\">Familiengottesdienst f\u00fcr die Region<\/span>\n\t\t\t\t\t\t\t\t<\/a>\n\t\t\t\t\t\t\t<\/div>\n\n\t\t\t\t\t\t\t\t\t\t\t\t\t\t\t\t\t\t<\/div>\n\t\t\t\t\t\t\t\t\t\t\t\t<div class=\"premium-blog-content-wrapper \">\n\n\t\t\t\t\t<div class=\"premium-blog-inner-container\">\n\n\t\t\t\t\t\t\t\t\t\t\t\t\t\t<h2 class=\"premium-blog-entry-title\">\n\t\t\t<a href=\"https:\/\/www.evkirche-roesrath.de\/index.php\/2026\/06\/01\/familiengottesdienst-fuer-die-region-2\/\" target=\"_blank\">\n\t\t\t\tFamiliengottesdienst f\u00fcr die Region\t\t\t<\/a>\n\t\t<\/h2>\n\t\t\t\t<div class=\"premium-blog-entry-meta\">\n\t\t\t\n\t\t\t\t\t\t\t<span class=\"premium-blog-meta-separator\">\u2022<\/span>\n\t\t\t\t<div class=\"premium-blog-post-time premium-blog-meta-data\">\n\t\t\t\t\t<i class=\"fa fa-calendar-alt\" aria-hidden=\"true\"><\/i>\n\t\t\t\t\t<span>1. Juni 2026<\/span>\n\t\t\t\t<\/div>\n\t\t\t\n\t\t\t\t\t\t\t<span class=\"premium-blog-meta-separator\">\u2022<\/span>\n\t\t\t\t<div class=\"premium-blog-post-categories premium-blog-meta-data\">\n\t\t\t\t\t<i class=\"fa fa-align-left fa-fw\" aria-hidden=\"true\"><\/i>\n\t\t\t\t\t<a href=\"https:\/\/www.evkirche-roesrath.de\/index.php\/category\/archiv\/a_gottesdienst\/\" rel=\"category tag\">A_Gottesdienst<\/a>\t\t\t\t<\/div>\n\t\t\t\n\t\t\t\t\t<\/div>\n\t\t\n\t\t\t\t\t<\/div>\n\n\t\t\t\t\t\t\t<div class=\"premium-blog-content-inner-wrapper\">\n\t\t<p class=\"premium-blog-post-content\">Am Sonntag, 14. Juni findet um 11 Uhr in Delling, 51515 K\u00fcrten ein Familiengottesdienst f\u00fcr die Region Berisch-S\u00fcd-Ost statt. Thema ist Bileam seine Eselin. Herzliche<\/p><div class=\"premium-blog-excerpt-link-wrap\"><a href=\"https:\/\/www.evkirche-roesrath.de\/index.php\/2026\/06\/01\/familiengottesdienst-fuer-die-region-2\/\" target=\"_blank\" class=\"premium-blog-excerpt-link elementor-button\">Weiterlesen \u00bb<\/a><\/div>\t\t<\/div>\n\t\t\t\t\t\t\t\n\t\t\t\t<\/div>\n\t\t\t<\/div>\n\t\t<\/div>\n\n\t\t\t\t<div class=\"premium-blog-post-outer-container a_musik\" data-total=\"24\">\n\t\t\t<div class=\"premium-blog-post-container premium-blog-skin-classic\">\n\t\t\t\t\t\t\t\t\t<div class=\"premium-blog-thumb-effect-wrapper\">\n\t\t\t\t\t\t<div class=\"premium-blog-thumbnail-container premium-blog-zoomin-effect\">\n\t\t\t\t\t\t\t<img loading=\"lazy\" decoding=\"async\" width=\"582\" height=\"387\" src=\"https:\/\/www.evkirche-roesrath.de\/wp-content\/uploads\/2026\/06\/28.6.Oben_.png\" class=\"attachment-full size-full wp-image-28385\" alt=\"\" srcset=\"https:\/\/www.evkirche-roesrath.de\/wp-content\/uploads\/2026\/06\/28.6.Oben_.png 582w, https:\/\/www.evkirche-roesrath.de\/wp-content\/uploads\/2026\/06\/28.6.Oben_-300x199.png 300w\" sizes=\"(max-width: 582px) 100vw, 582px\" \/>\t\t\t\t\t\t<\/div>\n\t\t\t\t\t\t\t\t\t\t\t\t\t<div class=\"premium-blog-thumbnail-overlay\">\n\t\t\t\t\t\t\t\t<a class=\"elementor-icon\" href=\"https:\/\/www.evkirche-roesrath.de\/index.php\/2026\/06\/01\/nach-uns-die-sintflut\/\" target=\"_blank\">\n\t\t\t\t\t\t\t\t\t<span class=\"elementor-screen-only\">Nach uns die Sintflut<\/span>\n\t\t\t\t\t\t\t\t<\/a>\n\t\t\t\t\t\t\t<\/div>\n\n\t\t\t\t\t\t\t\t\t\t\t\t\t\t\t\t\t\t<\/div>\n\t\t\t\t\t\t\t\t\t\t\t\t<div class=\"premium-blog-content-wrapper \">\n\n\t\t\t\t\t<div class=\"premium-blog-inner-container\">\n\n\t\t\t\t\t\t\t\t\t\t\t\t\t\t<h2 class=\"premium-blog-entry-title\">\n\t\t\t<a href=\"https:\/\/www.evkirche-roesrath.de\/index.php\/2026\/06\/01\/nach-uns-die-sintflut\/\" target=\"_blank\">\n\t\t\t\tNach uns die Sintflut\t\t\t<\/a>\n\t\t<\/h2>\n\t\t\t\t<div class=\"premium-blog-entry-meta\">\n\t\t\t\n\t\t\t\t\t\t\t<span class=\"premium-blog-meta-separator\">\u2022<\/span>\n\t\t\t\t<div class=\"premium-blog-post-time premium-blog-meta-data\">\n\t\t\t\t\t<i class=\"fa fa-calendar-alt\" aria-hidden=\"true\"><\/i>\n\t\t\t\t\t<span>1. Juni 2026<\/span>\n\t\t\t\t<\/div>\n\t\t\t\n\t\t\t\t\t\t\t<span class=\"premium-blog-meta-separator\">\u2022<\/span>\n\t\t\t\t<div class=\"premium-blog-post-categories premium-blog-meta-data\">\n\t\t\t\t\t<i class=\"fa fa-align-left fa-fw\" aria-hidden=\"true\"><\/i>\n\t\t\t\t\t<a href=\"https:\/\/www.evkirche-roesrath.de\/index.php\/category\/archiv\/a_musik\/\" rel=\"category tag\">A_Musik<\/a>\t\t\t\t<\/div>\n\t\t\t\n\t\t\t\t\t<\/div>\n\t\t\n\t\t\t\t\t<\/div>\n\n\t\t\t\t\t\t\t<div class=\"premium-blog-content-inner-wrapper\">\n\t\t<p class=\"premium-blog-post-content\">Sonntag, 28. Juni, 17:00 Uhr Vers\u00f6hnungskirche R\u00f6srath Musiktheater zur Geschichte der Arche Noah von Johannes Matthias Michel Zwergen- und Kinderchor Jugendfeuerwehr R\u00f6srath Instrumentalensemble Gundula Schmidt,<\/p><div class=\"premium-blog-excerpt-link-wrap\"><a href=\"https:\/\/www.evkirche-roesrath.de\/index.php\/2026\/06\/01\/nach-uns-die-sintflut\/\" target=\"_blank\" class=\"premium-blog-excerpt-link elementor-button\">Weiterlesen \u00bb<\/a><\/div>\t\t<\/div>\n\t\t\t\t\t\t\t\n\t\t\t\t<\/div>\n\t\t\t<\/div>\n\t\t<\/div>\n\n\t\t\t\t<div class=\"premium-blog-post-outer-container a_allgemein\" data-total=\"24\">\n\t\t\t<div class=\"premium-blog-post-container premium-blog-skin-classic\">\n\t\t\t\t\t\t\t\t\t<div class=\"premium-blog-thumb-effect-wrapper\">\n\t\t\t\t\t\t<div class=\"premium-blog-thumbnail-container premium-blog-zoomin-effect\">\n\t\t\t\t\t\t\t<img loading=\"lazy\" decoding=\"async\" width=\"393\" height=\"160\" src=\"https:\/\/www.evkirche-roesrath.de\/wp-content\/uploads\/2026\/05\/DiakonieKoeln.png\" class=\"attachment-full size-full wp-image-28368\" alt=\"\" srcset=\"https:\/\/www.evkirche-roesrath.de\/wp-content\/uploads\/2026\/05\/DiakonieKoeln.png 393w, https:\/\/www.evkirche-roesrath.de\/wp-content\/uploads\/2026\/05\/DiakonieKoeln-300x122.png 300w, https:\/\/www.evkirche-roesrath.de\/wp-content\/uploads\/2026\/05\/DiakonieKoeln-390x160.png 390w\" sizes=\"(max-width: 393px) 100vw, 393px\" \/>\t\t\t\t\t\t<\/div>\n\t\t\t\t\t\t\t\t\t\t\t\t\t<div class=\"premium-blog-thumbnail-overlay\">\n\t\t\t\t\t\t\t\t<a class=\"elementor-icon\" href=\"https:\/\/www.evkirche-roesrath.de\/index.php\/2026\/05\/26\/diakonie-sommersammlung\/\" target=\"_blank\">\n\t\t\t\t\t\t\t\t\t<span class=\"elementor-screen-only\">Diakonie Sommersammlung<\/span>\n\t\t\t\t\t\t\t\t<\/a>\n\t\t\t\t\t\t\t<\/div>\n\n\t\t\t\t\t\t\t\t\t\t\t\t\t\t\t\t\t\t<\/div>\n\t\t\t\t\t\t\t\t\t\t\t\t<div class=\"premium-blog-content-wrapper \">\n\n\t\t\t\t\t<div class=\"premium-blog-inner-container\">\n\n\t\t\t\t\t\t\t\t\t\t\t\t\t\t<h2 class=\"premium-blog-entry-title\">\n\t\t\t<a href=\"https:\/\/www.evkirche-roesrath.de\/index.php\/2026\/05\/26\/diakonie-sommersammlung\/\" target=\"_blank\">\n\t\t\t\tDiakonie Sommersammlung\t\t\t<\/a>\n\t\t<\/h2>\n\t\t\t\t<div class=\"premium-blog-entry-meta\">\n\t\t\t\n\t\t\t\t\t\t\t<span class=\"premium-blog-meta-separator\">\u2022<\/span>\n\t\t\t\t<div class=\"premium-blog-post-time premium-blog-meta-data\">\n\t\t\t\t\t<i class=\"fa fa-calendar-alt\" aria-hidden=\"true\"><\/i>\n\t\t\t\t\t<span>26. Mai 2026<\/span>\n\t\t\t\t<\/div>\n\t\t\t\n\t\t\t\t\t\t\t<span class=\"premium-blog-meta-separator\">\u2022<\/span>\n\t\t\t\t<div class=\"premium-blog-post-categories premium-blog-meta-data\">\n\t\t\t\t\t<i class=\"fa fa-align-left fa-fw\" aria-hidden=\"true\"><\/i>\n\t\t\t\t\t<a href=\"https:\/\/www.evkirche-roesrath.de\/index.php\/category\/archiv\/a_allgemein\/\" rel=\"category tag\">A_Allgemein<\/a>\t\t\t\t<\/div>\n\t\t\t\n\t\t\t\t\t<\/div>\n\t\t\n\t\t\t\t\t<\/div>\n\n\t\t\t\t\t\t\t<div class=\"premium-blog-content-inner-wrapper\">\n\t\t<p class=\"premium-blog-post-content\">vom 13. Juni bis 4. Juli 2026 Als Kirchengemeinde setzen wir uns zusammen mit der Diakonie K\u00f6ln und Region f\u00fcr Vielfalt und Demokratie ein. Wir<\/p><div class=\"premium-blog-excerpt-link-wrap\"><a href=\"https:\/\/www.evkirche-roesrath.de\/index.php\/2026\/05\/26\/diakonie-sommersammlung\/\" target=\"_blank\" class=\"premium-blog-excerpt-link elementor-button\">Weiterlesen \u00bb<\/a><\/div>\t\t<\/div>\n\t\t\t\t\t\t\t\n\t\t\t\t<\/div>\n\t\t\t<\/div>\n\t\t<\/div>\n\n\t\t\t\t<div class=\"premium-blog-post-outer-container a_allgemein\" data-total=\"24\">\n\t\t\t<div class=\"premium-blog-post-container premium-blog-skin-classic\">\n\t\t\t\t\t\t\t\t\t<div class=\"premium-blog-thumb-effect-wrapper\">\n\t\t\t\t\t\t<div class=\"premium-blog-thumbnail-container premium-blog-zoomin-effect\">\n\t\t\t\t\t\t\t<img loading=\"lazy\" decoding=\"async\" width=\"240\" height=\"113\" src=\"https:\/\/www.evkirche-roesrath.de\/wp-content\/uploads\/2020\/04\/Logo_EKiR.png\" class=\"attachment-full size-full wp-image-19773\" alt=\"\" \/>\t\t\t\t\t\t<\/div>\n\t\t\t\t\t\t\t\t\t\t\t\t\t<div class=\"premium-blog-thumbnail-overlay\">\n\t\t\t\t\t\t\t\t<a class=\"elementor-icon\" href=\"https:\/\/www.evkirche-roesrath.de\/index.php\/2026\/05\/21\/wir-brauchen-einen-geisteswechsel\/\" target=\"_blank\">\n\t\t\t\t\t\t\t\t\t<span class=\"elementor-screen-only\">&#8222;Wir brauchen einen Geisteswechsel&#8220;<\/span>\n\t\t\t\t\t\t\t\t<\/a>\n\t\t\t\t\t\t\t<\/div>\n\n\t\t\t\t\t\t\t\t\t\t\t\t\t\t\t\t\t\t<\/div>\n\t\t\t\t\t\t\t\t\t\t\t\t<div class=\"premium-blog-content-wrapper \">\n\n\t\t\t\t\t<div class=\"premium-blog-inner-container\">\n\n\t\t\t\t\t\t\t\t\t\t\t\t\t\t<h2 class=\"premium-blog-entry-title\">\n\t\t\t<a href=\"https:\/\/www.evkirche-roesrath.de\/index.php\/2026\/05\/21\/wir-brauchen-einen-geisteswechsel\/\" target=\"_blank\">\n\t\t\t\t&#8222;Wir brauchen einen Geisteswechsel&#8220;\t\t\t<\/a>\n\t\t<\/h2>\n\t\t\t\t<div class=\"premium-blog-entry-meta\">\n\t\t\t\n\t\t\t\t\t\t\t<span class=\"premium-blog-meta-separator\">\u2022<\/span>\n\t\t\t\t<div class=\"premium-blog-post-time premium-blog-meta-data\">\n\t\t\t\t\t<i class=\"fa fa-calendar-alt\" aria-hidden=\"true\"><\/i>\n\t\t\t\t\t<span>21. Mai 2026<\/span>\n\t\t\t\t<\/div>\n\t\t\t\n\t\t\t\t\t\t\t<span class=\"premium-blog-meta-separator\">\u2022<\/span>\n\t\t\t\t<div class=\"premium-blog-post-categories premium-blog-meta-data\">\n\t\t\t\t\t<i class=\"fa fa-align-left fa-fw\" aria-hidden=\"true\"><\/i>\n\t\t\t\t\t<a href=\"https:\/\/www.evkirche-roesrath.de\/index.php\/category\/archiv\/a_allgemein\/\" rel=\"category tag\">A_Allgemein<\/a>\t\t\t\t<\/div>\n\t\t\t\n\t\t\t\t\t<\/div>\n\t\t\n\t\t\t\t\t<\/div>\n\n\t\t\t\t\t\t\t<div class=\"premium-blog-content-inner-wrapper\">\n\t\t<p class=\"premium-blog-post-content\">Pr\u00e4ses Dr. Thorsten Latzel: \u201eWir brauchen einen Geisteswechsel\u201c Pfingstbotschaft betont himmlisches Empowerment gegen Krisenstimmung D\u00fcsseldorf (20. Mai 2026). Der Pr\u00e4ses der Evangelischen Kirche im Rheinland,<\/p><div class=\"premium-blog-excerpt-link-wrap\"><a href=\"https:\/\/www.evkirche-roesrath.de\/index.php\/2026\/05\/21\/wir-brauchen-einen-geisteswechsel\/\" target=\"_blank\" class=\"premium-blog-excerpt-link elementor-button\">Weiterlesen \u00bb<\/a><\/div>\t\t<\/div>\n\t\t\t\t\t\t\t\n\t\t\t\t<\/div>\n\t\t\t<\/div>\n\t\t<\/div>\n\n\t\t\t\t\t\t\t<\/div>\n\n\t\t\t\t\t<div class=\"premium-blog-footer\">\n\t\t\t\t\t\t\t<nav class=\"premium-blog-pagination-container\" role=\"navigation\" aria-label=\"Paginierung\">\n\t\t\t\t<span aria-current=\"page\" class=\"page-numbers current\">1<\/span>\n<a class=\"page-numbers\" href=\"https:\/\/www.evkirche-roesrath.de\/index.php\/wp-json\/wp\/v2\/pages\/28799\/page\/2\/\">2<\/a>\n<a class=\"page-numbers\" href=\"https:\/\/www.evkirche-roesrath.de\/index.php\/wp-json\/wp\/v2\/pages\/28799\/page\/3\/\">3<\/a>\n<span class=\"page-numbers dots\">&hellip;<\/span>\n<a class=\"page-numbers\" href=\"https:\/\/www.evkirche-roesrath.de\/index.php\/wp-json\/wp\/v2\/pages\/28799\/page\/24\/\">24<\/a>\n<a class=\"next page-numbers\" href=\"https:\/\/www.evkirche-roesrath.de\/index.php\/wp-json\/wp\/v2\/pages\/28799\/page\/2\/\">N\u00e4chste \u00bb<\/a>\t\t\t<\/nav>\n\t\t\t\t\t\t<\/div>\n\t\t\n\t\t\n\t\t\t\t\t\t<\/div>\n\t\t\t\t<\/div>\n\t\t\t\t\t<\/div>\n\t\t<\/div>\n\t\t\t\t\t<\/div>\n\t\t<\/section>\n\t\t\t\t<\/div>\n\t\t ","protected":false},"excerpt":{"rendered":"<p>Alle A_Allgemein A_Andacht A_Frauen A_Gemeinde A_Gottesdienst A_Kinder_u_Jugendarbeit A_Musik A_\u00d6kumenJa Allgemein Andacht Archiv Frauen Gemeinde Gottesdienst Kinder_u_Jugendarbeit Music \u00d6kumenJa Zukunftswerkstatt 5 Jahre Flut, 14.07. 5 Jahre Flut, 14.07. \u2022 3. Juli <a class=\"more-link\" href=\"https:\/\/www.evkirche-roesrath.de\/index.php\/2026\/05\/21\/wir-brauchen-einen-geisteswechsel\/\">weiterlesen \u2192<\/a><\/p>\n","protected":false},"author":1,"featured_media":0,"parent":0,"menu_order":0,"comment_status":"closed","ping_status":"closed","template":"","meta":{"ngg_post_thumbnail":0,"footnotes":""},"class_list":["post-28799","page","type-page","status-publish","hentry"],"_links":{"self":[{"href":"https:\/\/www.evkirche-roesrath.de\/index.php\/wp-json\/wp\/v2\/pages\/28799","targetHints":{"allow":["GET"]}}],"collection":[{"href":"https:\/\/www.evkirche-roesrath.de\/index.php\/wp-json\/wp\/v2\/pages"}],"about":[{"href":"https:\/\/www.evkirche-roesrath.de\/index.php\/wp-json\/wp\/v2\/types\/page"}],"author":[{"embeddable":true,"href":"https:\/\/www.evkirche-roesrath.de\/index.php\/wp-json\/wp\/v2\/users\/1"}],"replies":[{"embeddable":true,"href":"https:\/\/www.evkirche-roesrath.de\/index.php\/wp-json\/wp\/v2\/comments?post=28799"}],"version-history":[{"count":10,"href":"https:\/\/www.evkirche-roesrath.de\/index.php\/wp-json\/wp\/v2\/pages\/28799\/revisions"}],"predecessor-version":[{"id":28810,"href":"https:\/\/www.evkirche-roesrath.de\/index.php\/wp-json\/wp\/v2\/pages\/28799\/revisions\/28810"}],"wp:attachment":[{"href":"https:\/\/www.evkirche-roesrath.de\/index.php\/wp-json\/wp\/v2\/media?parent=28799"}],"curies":[{"name":"wp","href":"https:\/\/api.w.org\/{rel}","templated":true}]}}