{"id":24998,"date":"2024-01-16T17:49:27","date_gmt":"2024-01-16T16:49:27","guid":{"rendered":"https:\/\/www.evkirche-roesrath.de\/?page_id=24998"},"modified":"2025-05-13T11:51:46","modified_gmt":"2025-05-13T09:51:46","slug":"gute-nachbarschaft","status":"publish","type":"page","link":"https:\/\/www.evkirche-roesrath.de\/index.php\/gute-nachbarschaft\/","title":{"rendered":"Gute Nachbarschaft"},"content":{"rendered":"<p>&#8222;<strong>Gute Nachbarschaft in R\u00f6srath<\/strong>&#8220; ist eine Kooperation der Stadt R\u00f6srath, der Ev. Gemeinde Volberg-Forsbach-R\u00f6srath und der Kath. Kirchengemeinde St. Nikolaus R\u00f6srath. Sie ist hervorgegangen aus der &#8222;Fl\u00fcchtlingshilfe R\u00f6srath&#8220;. Weitere Informationen <a href=\"https:\/\/gnroesrath.de\/\" target=\"_blank\" rel=\"noopener\">finden Sie hier.<\/a><\/p>\n<p>Regelm\u00e4\u00dfigen Termine sind<\/p>\n<table>\n<tbody>\n<tr>\n<td><strong>Wann<\/strong><\/td>\n<td><strong>Was<\/strong><\/td>\n<td><strong>Wo<\/strong><\/td>\n<td><strong>Ansprechpartner<\/strong><\/td>\n<\/tr>\n<tr>\n<td><strong>Dienstag, 16:00Uhr<\/strong><\/td>\n<td>Begegnungscaf\u00e9<\/td>\n<td><a href=\"https:\/\/goo.gl\/maps\/B9QTJYoShSPrA2369\" target=\"_blank\" rel=\"noopener\">im JUZE<\/a><\/td>\n<td>Caf\u00e9leiterin <a href=\"mailto:monika.zekai@katholische-kirche-roesrath.de\">Monika Zekai<\/a><\/td>\n<\/tr>\n<tr>\n<td><strong>Mittwoch, 15:00Uhr<\/strong> und<br \/>\n<strong>17:00Uhr<\/strong><\/td>\n<td>Sprachkurse f\u00fcr Neuank\u00f6mmlinge: Ukrainisch &gt; Deutsch<\/td>\n<td><a href=\"https:\/\/maps.app.goo.gl\/wAe61tR4tXQhX1Wi8\" target=\"_blank\" rel=\"noopener\">Augustinus-Haus, R\u00f6srath<\/a><\/td>\n<td><a href=\"mailto:lena.schmitz@katholische-kirche-roesrath.de\">Lena Schmitz<\/a><\/td>\n<\/tr>\n<tr>\n<td><del datetime=\"2025-05-13T09:39:58+00:00\"><strong>Donnerstag, 16:00Uhr<\/strong><\/del><\/td>\n<td><del datetime=\"2025-05-13T09:39:58+00:00\">Deutsch lernen &#8211; miteinander sprechen<\/del><\/td>\n<td><del datetime=\"2025-05-13T09:39:58+00:00\">Sprachcaf\u00e9 im Treffpunkt Hoffnungsthal<br \/>\n<a href=\"https:\/\/goo.gl\/maps\/iyMw7qJvpvNAbBhEA\" target=\"_blank\" rel=\"noopener\">Christliche Gemeinde (CGH), Bergische Landstr. 76<\/a><\/del><\/td>\n<td><del datetime=\"2025-05-13T09:39:58+00:00\"><a href=\"mailto:erich.hochstein@web.de\">Erich Hochstein<\/a>, Telefon 45 48 oder<br \/>\n<a href=\"mailto:peter.paul.kuczera@kazholische-kirche-roesrath.de\">Peter Paul Kuczera<\/a>, Mobil +49 171 647 80 87 (auch WhatsApp &amp; russisch)<\/del><\/td>\n<\/tr>\n<\/tbody>\n<\/table>\n<p><strong>Der Sprachkurs in Hoffnungsthal (CGH) wird zum 15. Mai mangels Bedarf eingestellt, <a href=\"https:\/\/www.evkirche-roesrath.de\/wp-content\/uploads\/2025\/05\/Sprachcafe-Beendigung-der-Arbeit.pdf\">Informationen dazu finden Sie hier<\/a><\/strong>.<br \/>\nDer Kurs in R\u00f6srath, Augustinus-Haus, findet weiterhin statt.<\/p>\n<hr\/>\n<p>Einen Flyer mit den Angeboten <a href=\"https:\/\/www.evkirche-roesrath.de\/wp-content\/uploads\/2023\/09\/Flyer-GNR-Begegnungscafe.pdf\" target=\"_blank\" rel=\"noopener\">zum Download finden Sie hier.<\/a><\/p>\n<hr\/>\n<p><strong>Kennen Sie das <a href=\"http:\/\/www1.wdr.de\/nachrichten\/wdrforyou\/wdr-for-you-100.html target=\"_blank\" rel=\"noopener\"\">Angebot des Westdeutschen Rundfunks &#8222;WDRforyou&#8220;<\/a> zur Information f\u00fcr Fl\u00fcchtlinge und Einheimische in Arabisch, Persisch, Englisch und Deutsch?<\/strong><\/p>\n<p>Auch f\u00fcr Helfer sind die Seiten interessant.<br \/>\nEs geht um Themen wie<\/p>\n<ul>\n<li>F\u00fchrerschein<\/li>\n<li>Verh\u00e4ltnis von M\u00e4nnern und Frauen im Beruf<\/li>\n<li>Bankkonto in Deutschland<\/li>\n<li>Verhaltensregeln, wenn man eingeladen wird<\/li>\n<li>Bus fahren<\/li>\n<li>Deutsch lernen + unterrichten und Deutsch im Netz<\/li>\n<li>Toilettenbenutzung<\/li>\n<li>Schulbesuch in Deutschland und vieles mehr&#8230;<\/li>\n<\/ul>\n<p>Auch tagesaktuelle Nachrichten sind hier zu finden, ebenso wie Programme f\u00fcr Kinder.<br \/>\nBitte geben Sie diese Adresse an Fl\u00fcchtlinge weiter.<br \/>\nAn dieser Seite arbeiten medienerfahrene Fl\u00fcchtlinge und solche, die schon l\u00e4nger hier wohnen, mit Redaktionsmitgliedern zusammen.<br \/>\n<strong>&#8212;&#8212;&#8212;&#8212;&#8212;&#8212;&#8211;<\/strong><\/p>\n<h3><a href=\"http:\/\/www.brot-fuer-die-welt.de\/weltgemeinde\/gemeinde\/fluechtlinge.html target=\"_blank\" rel=\"noopener\"\">&#8222;Brot f\u00fcr de Welt&#8220;, Diakonie-Katastrophenhilfe und Diakonie<\/a><\/h3>\n<h5>haben in einer Homepage anschaulich die Ursachen f\u00fcr Flucht und Vertreibung zusammengefasst und zeigen Hilfsm\u00f6glichkeiten auf.<\/h5>\n ","protected":false},"excerpt":{"rendered":"<p>&#8222;Gute Nachbarschaft in R\u00f6srath&#8220; ist eine Kooperation der Stadt R\u00f6srath, der Ev. Gemeinde Volberg-Forsbach-R\u00f6srath und der Kath. Kirchengemeinde St. Nikolaus R\u00f6srath. Sie ist hervorgegangen aus der &#8222;Fl\u00fcchtlingshilfe R\u00f6srath&#8220;. Weitere Informationen <a class=\"more-link\" href=\"https:\/\/www.evkirche-roesrath.de\/index.php\/gute-nachbarschaft\/\">weiterlesen \u2192<\/a><\/p>\n","protected":false},"author":17,"featured_media":24268,"parent":0,"menu_order":0,"comment_status":"closed","ping_status":"closed","template":"","meta":{"ngg_post_thumbnail":0,"footnotes":""},"class_list":["post-24998","page","type-page","status-publish","has-post-thumbnail","hentry"],"_links":{"self":[{"href":"https:\/\/www.evkirche-roesrath.de\/index.php\/wp-json\/wp\/v2\/pages\/24998","targetHints":{"allow":["GET"]}}],"collection":[{"href":"https:\/\/www.evkirche-roesrath.de\/index.php\/wp-json\/wp\/v2\/pages"}],"about":[{"href":"https:\/\/www.evkirche-roesrath.de\/index.php\/wp-json\/wp\/v2\/types\/page"}],"author":[{"embeddable":true,"href":"https:\/\/www.evkirche-roesrath.de\/index.php\/wp-json\/wp\/v2\/users\/17"}],"replies":[{"embeddable":true,"href":"https:\/\/www.evkirche-roesrath.de\/index.php\/wp-json\/wp\/v2\/comments?post=24998"}],"version-history":[{"count":3,"href":"https:\/\/www.evkirche-roesrath.de\/index.php\/wp-json\/wp\/v2\/pages\/24998\/revisions"}],"predecessor-version":[{"id":27355,"href":"https:\/\/www.evkirche-roesrath.de\/index.php\/wp-json\/wp\/v2\/pages\/24998\/revisions\/27355"}],"wp:featuredmedia":[{"embeddable":true,"href":"https:\/\/www.evkirche-roesrath.de\/index.php\/wp-json\/wp\/v2\/media\/24268"}],"wp:attachment":[{"href":"https:\/\/www.evkirche-roesrath.de\/index.php\/wp-json\/wp\/v2\/media?parent=24998"}],"curies":[{"name":"wp","href":"https:\/\/api.w.org\/{rel}","templated":true}]}}